{"id":3169,"date":"2026-03-04T22:29:00","date_gmt":"2026-03-04T21:29:00","guid":{"rendered":"https:\/\/feuerwehr-bad-zwischenahn.de\/Feuerwehr\/?post_type=einsatz&#038;p=3169"},"modified":"2026-03-05T14:30:56","modified_gmt":"2026-03-05T13:30:56","slug":"feuer-gross-gebaeudebrand","status":"publish","type":"einsatz","link":"https:\/\/feuerwehr-bad-zwischenahn.de\/Feuerwehr\/einsatzberichte\/feuer-gross-gebaeudebrand\/","title":{"rendered":"Feuer gro\u00df &#8211; Geb\u00e4udebrand"},"content":{"rendered":"<p>Gestern, am sp\u00e4ten Abend schlugen unsere Meldeempf\u00e4nger mit dem Stichwort ,,Feuer gro\u00df &#8211; Einfamilienhaus, Geb\u00e4udebrand&#8220; Alarm. Die Einsatzadresse lag in der Gemeinde Edewecht, wo wir aufgrund des hohen Einsatzstichwortes (F3 = Feuer gro\u00df) mitalarmiert wurden.<\/p>\n<p>Auf Anfahrt war die Lage zun\u00e4chst noch etwas unklar. Ein augenscheinlich ausgedehnter Geb\u00e4udebrand konnte allerdings schnell durch die ersteintreffenden Kr\u00e4fte aus Edewecht ausgeschlossen werden.<\/p>\n<p>Vor Ort angekommen hatte die Feuerwehr Edewecht die Erkundung im betroffenen Objekt abgeschlossen. Dort kam es im Bereich einer Heizungsanlage zu einem Brandereignis, welches allerdings durch die Bewohner selbst\u00e4ndig gel\u00f6scht werden konnte. Ein Bewohner zog sich dabei allerdings Verletzungen zu und wurde vom mitalarmierten Rettungsdienst versorgt.<\/p>\n<p>Aufgrund der Erkundungsergebnisse konnten die Einheiten aus Jeddeloh II und Bad Zwischenahn die Einsatzstelle schnell wieder verlassen.<\/p>\n","protected":false},"author":4,"featured_media":1736,"template":"","meta":{"einsatz_weight":1,"footnotes":""},"categories":[],"einsatzart":[30],"fahrzeug":[14,19,15,16],"exteinsatzmittel":[93,104,107,46,45],"alarmierungsart":[4,3],"evw_unit":[6],"class_list":["post-3169","einsatz","type-einsatz","status-publish","has-post-thumbnail","hentry","einsatzart-f3","fahrzeug-elw-1","fahrzeug-gwl","fahrzeug-hlf-20","fahrzeug-tlf-16-25","exteinsatzmittel-freiwillige-feuerwehr-edewecht","exteinsatzmittel-freiwillige-feuerwehr-jeddeloh-ii","exteinsatzmittel-johanniter-unfallhilfe-ortsverband-edewecht","exteinsatzmittel-polizei","exteinsatzmittel-rettungsdienst-ammerland","alarmierungsart-apager","alarmierungsart-meldeempfaenger","evw_unit-bad-zwischenahn"],"yoast_head":"<!-- This site is optimized with the Yoast SEO plugin v27.4 - https:\/\/yoast.com\/product\/yoast-seo-wordpress\/ -->\n<title>Feuer gro\u00df - Geb\u00e4udebrand - Feuerwehr Bad Zwischenahn<\/title>\n<meta name=\"robots\" content=\"index, follow, max-snippet:-1, max-image-preview:large, max-video-preview:-1\" \/>\n<link rel=\"canonical\" href=\"https:\/\/feuerwehr-bad-zwischenahn.de\/Feuerwehr\/einsatzberichte\/feuer-gross-gebaeudebrand\/\" \/>\n<meta property=\"og:locale\" content=\"de_DE\" \/>\n<meta property=\"og:type\" content=\"article\" \/>\n<meta property=\"og:title\" content=\"Feuer gro\u00df - Geb\u00e4udebrand - Feuerwehr Bad Zwischenahn\" \/>\n<meta property=\"og:description\" content=\"Gestern, am sp\u00e4ten Abend schlugen unsere Meldeempf\u00e4nger mit dem Stichwort ,,Feuer gro\u00df &#8211; Einfamilienhaus, Geb\u00e4udebrand&#8220; Alarm. Die Einsatzadresse lag in der Gemeinde Edewecht, wo wir aufgrund des hohen Einsatzstichwortes (F3 = Feuer gro\u00df) mitalarmiert wurden. Auf Anfahrt war die Lage zun\u00e4chst noch etwas unklar. Ein augenscheinlich ausgedehnter Geb\u00e4udebrand konnte allerdings schnell durch die ersteintreffenden Kr\u00e4fte [&hellip;]\" \/>\n<meta property=\"og:url\" content=\"https:\/\/feuerwehr-bad-zwischenahn.de\/Feuerwehr\/einsatzberichte\/feuer-gross-gebaeudebrand\/\" \/>\n<meta property=\"og:site_name\" content=\"Feuerwehr Bad Zwischenahn\" \/>\n<meta property=\"article:modified_time\" content=\"2026-03-05T13:30:56+00:00\" \/>\n<meta property=\"og:image\" content=\"https:\/\/feuerwehr-bad-zwischenahn.de\/Feuerwehr\/wp-content\/uploads\/2025\/02\/IMG_20250223_212212-773x1030.jpg\" \/>\n\t<meta property=\"og:image:width\" content=\"773\" \/>\n\t<meta property=\"og:image:height\" content=\"1030\" \/>\n\t<meta property=\"og:image:type\" content=\"image\/jpeg\" \/>\n<meta name=\"twitter:card\" content=\"summary_large_image\" \/>\n<meta name=\"twitter:label1\" content=\"Gesch\u00e4tzte Lesezeit\" \/>\n\t<meta name=\"twitter:data1\" content=\"1\u00a0Minute\" \/>\n<script type=\"application\/ld+json\" class=\"yoast-schema-graph\">{\"@context\":\"https:\\\/\\\/schema.org\",\"@graph\":[{\"@type\":\"WebPage\",\"@id\":\"https:\\\/\\\/feuerwehr-bad-zwischenahn.de\\\/Feuerwehr\\\/einsatzberichte\\\/feuer-gross-gebaeudebrand\\\/\",\"url\":\"https:\\\/\\\/feuerwehr-bad-zwischenahn.de\\\/Feuerwehr\\\/einsatzberichte\\\/feuer-gross-gebaeudebrand\\\/\",\"name\":\"Feuer gro\u00df - Geb\u00e4udebrand - Feuerwehr Bad Zwischenahn\",\"isPartOf\":{\"@id\":\"https:\\\/\\\/feuerwehr-bad-zwischenahn.de\\\/Feuerwehr\\\/#website\"},\"primaryImageOfPage\":{\"@id\":\"https:\\\/\\\/feuerwehr-bad-zwischenahn.de\\\/Feuerwehr\\\/einsatzberichte\\\/feuer-gross-gebaeudebrand\\\/#primaryimage\"},\"image\":{\"@id\":\"https:\\\/\\\/feuerwehr-bad-zwischenahn.de\\\/Feuerwehr\\\/einsatzberichte\\\/feuer-gross-gebaeudebrand\\\/#primaryimage\"},\"thumbnailUrl\":\"https:\\\/\\\/feuerwehr-bad-zwischenahn.de\\\/Feuerwehr\\\/wp-content\\\/uploads\\\/2025\\\/02\\\/IMG_20250223_212212-scaled.jpg\",\"datePublished\":\"2026-03-04T21:29:00+00:00\",\"dateModified\":\"2026-03-05T13:30:56+00:00\",\"breadcrumb\":{\"@id\":\"https:\\\/\\\/feuerwehr-bad-zwischenahn.de\\\/Feuerwehr\\\/einsatzberichte\\\/feuer-gross-gebaeudebrand\\\/#breadcrumb\"},\"inLanguage\":\"de\",\"potentialAction\":[{\"@type\":\"ReadAction\",\"target\":[\"https:\\\/\\\/feuerwehr-bad-zwischenahn.de\\\/Feuerwehr\\\/einsatzberichte\\\/feuer-gross-gebaeudebrand\\\/\"]}]},{\"@type\":\"ImageObject\",\"inLanguage\":\"de\",\"@id\":\"https:\\\/\\\/feuerwehr-bad-zwischenahn.de\\\/Feuerwehr\\\/einsatzberichte\\\/feuer-gross-gebaeudebrand\\\/#primaryimage\",\"url\":\"https:\\\/\\\/feuerwehr-bad-zwischenahn.de\\\/Feuerwehr\\\/wp-content\\\/uploads\\\/2025\\\/02\\\/IMG_20250223_212212-scaled.jpg\",\"contentUrl\":\"https:\\\/\\\/feuerwehr-bad-zwischenahn.de\\\/Feuerwehr\\\/wp-content\\\/uploads\\\/2025\\\/02\\\/IMG_20250223_212212-scaled.jpg\",\"width\":1920,\"height\":2560},{\"@type\":\"BreadcrumbList\",\"@id\":\"https:\\\/\\\/feuerwehr-bad-zwischenahn.de\\\/Feuerwehr\\\/einsatzberichte\\\/feuer-gross-gebaeudebrand\\\/#breadcrumb\",\"itemListElement\":[{\"@type\":\"ListItem\",\"position\":1,\"name\":\"Startseite\",\"item\":\"https:\\\/\\\/feuerwehr-bad-zwischenahn.de\\\/Feuerwehr\\\/\"},{\"@type\":\"ListItem\",\"position\":2,\"name\":\"Einsatzberichte\",\"item\":\"https:\\\/\\\/feuerwehr-bad-zwischenahn.de\\\/Feuerwehr\\\/einsatzberichte\\\/\"},{\"@type\":\"ListItem\",\"position\":3,\"name\":\"Feuer gro\u00df &#8211; Geb\u00e4udebrand\"}]},{\"@type\":\"WebSite\",\"@id\":\"https:\\\/\\\/feuerwehr-bad-zwischenahn.de\\\/Feuerwehr\\\/#website\",\"url\":\"https:\\\/\\\/feuerwehr-bad-zwischenahn.de\\\/Feuerwehr\\\/\",\"name\":\"Feuerwehr Bad Zwischenahn\",\"description\":\"\",\"potentialAction\":[{\"@type\":\"SearchAction\",\"target\":{\"@type\":\"EntryPoint\",\"urlTemplate\":\"https:\\\/\\\/feuerwehr-bad-zwischenahn.de\\\/Feuerwehr\\\/?s={search_term_string}\"},\"query-input\":{\"@type\":\"PropertyValueSpecification\",\"valueRequired\":true,\"valueName\":\"search_term_string\"}}],\"inLanguage\":\"de\"}]}<\/script>\n<!-- \/ Yoast SEO plugin. -->","yoast_head_json":{"title":"Feuer gro\u00df - Geb\u00e4udebrand - Feuerwehr Bad Zwischenahn","robots":{"index":"index","follow":"follow","max-snippet":"max-snippet:-1","max-image-preview":"max-image-preview:large","max-video-preview":"max-video-preview:-1"},"canonical":"https:\/\/feuerwehr-bad-zwischenahn.de\/Feuerwehr\/einsatzberichte\/feuer-gross-gebaeudebrand\/","og_locale":"de_DE","og_type":"article","og_title":"Feuer gro\u00df - Geb\u00e4udebrand - Feuerwehr Bad Zwischenahn","og_description":"Gestern, am sp\u00e4ten Abend schlugen unsere Meldeempf\u00e4nger mit dem Stichwort ,,Feuer gro\u00df &#8211; Einfamilienhaus, Geb\u00e4udebrand&#8220; Alarm. Die Einsatzadresse lag in der Gemeinde Edewecht, wo wir aufgrund des hohen Einsatzstichwortes (F3 = Feuer gro\u00df) mitalarmiert wurden. Auf Anfahrt war die Lage zun\u00e4chst noch etwas unklar. Ein augenscheinlich ausgedehnter Geb\u00e4udebrand konnte allerdings schnell durch die ersteintreffenden Kr\u00e4fte [&hellip;]","og_url":"https:\/\/feuerwehr-bad-zwischenahn.de\/Feuerwehr\/einsatzberichte\/feuer-gross-gebaeudebrand\/","og_site_name":"Feuerwehr Bad Zwischenahn","article_modified_time":"2026-03-05T13:30:56+00:00","og_image":[{"width":773,"height":1030,"url":"https:\/\/feuerwehr-bad-zwischenahn.de\/Feuerwehr\/wp-content\/uploads\/2025\/02\/IMG_20250223_212212-773x1030.jpg","type":"image\/jpeg"}],"twitter_card":"summary_large_image","twitter_misc":{"Gesch\u00e4tzte Lesezeit":"1\u00a0Minute"},"schema":{"@context":"https:\/\/schema.org","@graph":[{"@type":"WebPage","@id":"https:\/\/feuerwehr-bad-zwischenahn.de\/Feuerwehr\/einsatzberichte\/feuer-gross-gebaeudebrand\/","url":"https:\/\/feuerwehr-bad-zwischenahn.de\/Feuerwehr\/einsatzberichte\/feuer-gross-gebaeudebrand\/","name":"Feuer gro\u00df - Geb\u00e4udebrand - Feuerwehr Bad Zwischenahn","isPartOf":{"@id":"https:\/\/feuerwehr-bad-zwischenahn.de\/Feuerwehr\/#website"},"primaryImageOfPage":{"@id":"https:\/\/feuerwehr-bad-zwischenahn.de\/Feuerwehr\/einsatzberichte\/feuer-gross-gebaeudebrand\/#primaryimage"},"image":{"@id":"https:\/\/feuerwehr-bad-zwischenahn.de\/Feuerwehr\/einsatzberichte\/feuer-gross-gebaeudebrand\/#primaryimage"},"thumbnailUrl":"https:\/\/feuerwehr-bad-zwischenahn.de\/Feuerwehr\/wp-content\/uploads\/2025\/02\/IMG_20250223_212212-scaled.jpg","datePublished":"2026-03-04T21:29:00+00:00","dateModified":"2026-03-05T13:30:56+00:00","breadcrumb":{"@id":"https:\/\/feuerwehr-bad-zwischenahn.de\/Feuerwehr\/einsatzberichte\/feuer-gross-gebaeudebrand\/#breadcrumb"},"inLanguage":"de","potentialAction":[{"@type":"ReadAction","target":["https:\/\/feuerwehr-bad-zwischenahn.de\/Feuerwehr\/einsatzberichte\/feuer-gross-gebaeudebrand\/"]}]},{"@type":"ImageObject","inLanguage":"de","@id":"https:\/\/feuerwehr-bad-zwischenahn.de\/Feuerwehr\/einsatzberichte\/feuer-gross-gebaeudebrand\/#primaryimage","url":"https:\/\/feuerwehr-bad-zwischenahn.de\/Feuerwehr\/wp-content\/uploads\/2025\/02\/IMG_20250223_212212-scaled.jpg","contentUrl":"https:\/\/feuerwehr-bad-zwischenahn.de\/Feuerwehr\/wp-content\/uploads\/2025\/02\/IMG_20250223_212212-scaled.jpg","width":1920,"height":2560},{"@type":"BreadcrumbList","@id":"https:\/\/feuerwehr-bad-zwischenahn.de\/Feuerwehr\/einsatzberichte\/feuer-gross-gebaeudebrand\/#breadcrumb","itemListElement":[{"@type":"ListItem","position":1,"name":"Startseite","item":"https:\/\/feuerwehr-bad-zwischenahn.de\/Feuerwehr\/"},{"@type":"ListItem","position":2,"name":"Einsatzberichte","item":"https:\/\/feuerwehr-bad-zwischenahn.de\/Feuerwehr\/einsatzberichte\/"},{"@type":"ListItem","position":3,"name":"Feuer gro\u00df &#8211; Geb\u00e4udebrand"}]},{"@type":"WebSite","@id":"https:\/\/feuerwehr-bad-zwischenahn.de\/Feuerwehr\/#website","url":"https:\/\/feuerwehr-bad-zwischenahn.de\/Feuerwehr\/","name":"Feuerwehr Bad Zwischenahn","description":"","potentialAction":[{"@type":"SearchAction","target":{"@type":"EntryPoint","urlTemplate":"https:\/\/feuerwehr-bad-zwischenahn.de\/Feuerwehr\/?s={search_term_string}"},"query-input":{"@type":"PropertyValueSpecification","valueRequired":true,"valueName":"search_term_string"}}],"inLanguage":"de"}]}},"_links":{"self":[{"href":"https:\/\/feuerwehr-bad-zwischenahn.de\/Feuerwehr\/wp-json\/wp\/v2\/einsatz\/3169","targetHints":{"allow":["GET"]}}],"collection":[{"href":"https:\/\/feuerwehr-bad-zwischenahn.de\/Feuerwehr\/wp-json\/wp\/v2\/einsatz"}],"about":[{"href":"https:\/\/feuerwehr-bad-zwischenahn.de\/Feuerwehr\/wp-json\/wp\/v2\/types\/einsatz"}],"author":[{"embeddable":true,"href":"https:\/\/feuerwehr-bad-zwischenahn.de\/Feuerwehr\/wp-json\/wp\/v2\/users\/4"}],"version-history":[{"count":2,"href":"https:\/\/feuerwehr-bad-zwischenahn.de\/Feuerwehr\/wp-json\/wp\/v2\/einsatz\/3169\/revisions"}],"predecessor-version":[{"id":3171,"href":"https:\/\/feuerwehr-bad-zwischenahn.de\/Feuerwehr\/wp-json\/wp\/v2\/einsatz\/3169\/revisions\/3171"}],"wp:featuredmedia":[{"embeddable":true,"href":"https:\/\/feuerwehr-bad-zwischenahn.de\/Feuerwehr\/wp-json\/wp\/v2\/media\/1736"}],"wp:attachment":[{"href":"https:\/\/feuerwehr-bad-zwischenahn.de\/Feuerwehr\/wp-json\/wp\/v2\/media?parent=3169"}],"wp:term":[{"taxonomy":"category","embeddable":true,"href":"https:\/\/feuerwehr-bad-zwischenahn.de\/Feuerwehr\/wp-json\/wp\/v2\/categories?post=3169"},{"taxonomy":"einsatzart","embeddable":true,"href":"https:\/\/feuerwehr-bad-zwischenahn.de\/Feuerwehr\/wp-json\/wp\/v2\/einsatzart?post=3169"},{"taxonomy":"fahrzeug","embeddable":true,"href":"https:\/\/feuerwehr-bad-zwischenahn.de\/Feuerwehr\/wp-json\/wp\/v2\/fahrzeug?post=3169"},{"taxonomy":"exteinsatzmittel","embeddable":true,"href":"https:\/\/feuerwehr-bad-zwischenahn.de\/Feuerwehr\/wp-json\/wp\/v2\/exteinsatzmittel?post=3169"},{"taxonomy":"alarmierungsart","embeddable":true,"href":"https:\/\/feuerwehr-bad-zwischenahn.de\/Feuerwehr\/wp-json\/wp\/v2\/alarmierungsart?post=3169"},{"taxonomy":"evw_unit","embeddable":true,"href":"https:\/\/feuerwehr-bad-zwischenahn.de\/Feuerwehr\/wp-json\/wp\/v2\/evw_unit?post=3169"}],"curies":[{"name":"wp","href":"https:\/\/api.w.org\/{rel}","templated":true}]}}