{"id":3161,"date":"2026-03-04T00:27:00","date_gmt":"2026-03-03T23:27:00","guid":{"rendered":"https:\/\/feuerwehr-bad-zwischenahn.de\/Feuerwehr\/?post_type=einsatz&#038;p=3161"},"modified":"2026-03-04T16:11:06","modified_gmt":"2026-03-04T15:11:06","slug":"hilfeleistung-klein-rettungsdienst-vor-ort-co-warner-ausgeloest","status":"publish","type":"einsatz","link":"https:\/\/feuerwehr-bad-zwischenahn.de\/Feuerwehr\/einsatzberichte\/hilfeleistung-klein-rettungsdienst-vor-ort-co-warner-ausgeloest\/","title":{"rendered":"Hilfeleistung klein &#8211; ,,Rettungsdienst vor Ort, CO-Warner ausgel\u00f6st&#8220;"},"content":{"rendered":"<p>Vergangene Nacht wurden wir mit dem Stichwort ,,CO-Warner ausgel\u00f6st&#8220; vom Rettungsdienst Ammerland nachalarmiert. Dieser war bereits im Einsatz, um sich einem medizinischen Notfall in einem Einfamilienhaus anzunehmen.<\/p>\n<p>Als die Besatzung des RTW das Haus betreten hat, schlugen allerdings die CO-Warner an, sodass wir auf den Plan gerufen wurden. (CO = Kohlenmonoxid)<\/p>\n<p>Umgehend wurde 1 Trupp unter Atemschutz mit einem Mehrgasmessger\u00e4t zur Erkundung in das Geb\u00e4ude geschickt. Schnell konnte der CO-Austritt best\u00e4tigt werden. Das Messger\u00e4t schlug aufgrund erh\u00f6hter, zum Teil auch stark erh\u00f6hter Werte an. Wir schalteten die Heizung \u00fcber den Not-Aus ab und begannen anschlie\u00dfend mit umfangreichen Bel\u00fcftungsma\u00dfnahmen.<\/p>\n<p>Der Rettungsdienst forderte daraufhin einen weiteren Rettungswagen und ein Notarzteinsatzfahrzeug nach, da sich zu dem Zeitpunkt des Austritts mehrere Personen im Geb\u00e4ude befanden, die allesamt rettungsdienstlich begutachtet werden mussten.<\/p>\n<p>Nach den Bel\u00fcftungsma\u00dfnahmen gingen wir zusammen mit der EWE noch einmal ins Geb\u00e4ude, um dieses frei zu messen. Da keine bedenklichen Werte mehr festgestellt werden konnten, \u00fcbergaben wir die Einsatzstelle der Polizei und r\u00fcckten wieder ein.<\/p>\n","protected":false},"author":4,"featured_media":3167,"template":"","meta":{"einsatz_weight":1,"footnotes":""},"categories":[],"einsatzart":[26],"fahrzeug":[14,15,16],"exteinsatzmittel":[76,135,112,237,91,45],"alarmierungsart":[4,3],"evw_unit":[6],"class_list":["post-3161","einsatz","type-einsatz","status-publish","has-post-thumbnail","hentry","einsatzart-h1","fahrzeug-elw-1","fahrzeug-hlf-20","fahrzeug-tlf-16-25","exteinsatzmittel-ewe","exteinsatzmittel-leitender-notarzt-lna","exteinsatzmittel-nef-berufsfeuerwehr-oldenburg","exteinsatzmittel-organisatorischer-leiter-rettungsdienst","exteinsatzmittel-polizei-bad-zwischenahn","exteinsatzmittel-rettungsdienst-ammerland","alarmierungsart-apager","alarmierungsart-meldeempfaenger","evw_unit-bad-zwischenahn"],"yoast_head":"<!-- This site is optimized with the Yoast SEO plugin v27.4 - https:\/\/yoast.com\/product\/yoast-seo-wordpress\/ -->\n<title>Hilfeleistung klein - ,,Rettungsdienst vor Ort, CO-Warner ausgel\u00f6st&#039;&#039; - Feuerwehr Bad Zwischenahn<\/title>\n<meta name=\"robots\" content=\"index, follow, max-snippet:-1, max-image-preview:large, max-video-preview:-1\" \/>\n<link rel=\"canonical\" href=\"https:\/\/feuerwehr-bad-zwischenahn.de\/Feuerwehr\/einsatzberichte\/hilfeleistung-klein-rettungsdienst-vor-ort-co-warner-ausgeloest\/\" \/>\n<meta property=\"og:locale\" content=\"de_DE\" \/>\n<meta property=\"og:type\" content=\"article\" \/>\n<meta property=\"og:title\" content=\"Hilfeleistung klein - ,,Rettungsdienst vor Ort, CO-Warner ausgel\u00f6st&#039;&#039; - Feuerwehr Bad Zwischenahn\" \/>\n<meta property=\"og:description\" content=\"Vergangene Nacht wurden wir mit dem Stichwort ,,CO-Warner ausgel\u00f6st&#8220; vom Rettungsdienst Ammerland nachalarmiert. Dieser war bereits im Einsatz, um sich einem medizinischen Notfall in einem Einfamilienhaus anzunehmen. Als die Besatzung des RTW das Haus betreten hat, schlugen allerdings die CO-Warner an, sodass wir auf den Plan gerufen wurden. (CO = Kohlenmonoxid) Umgehend wurde 1 Trupp [&hellip;]\" \/>\n<meta property=\"og:url\" content=\"https:\/\/feuerwehr-bad-zwischenahn.de\/Feuerwehr\/einsatzberichte\/hilfeleistung-klein-rettungsdienst-vor-ort-co-warner-ausgeloest\/\" \/>\n<meta property=\"og:site_name\" content=\"Feuerwehr Bad Zwischenahn\" \/>\n<meta property=\"article:modified_time\" content=\"2026-03-04T15:11:06+00:00\" \/>\n<meta property=\"og:image\" content=\"https:\/\/feuerwehr-bad-zwischenahn.de\/Feuerwehr\/wp-content\/uploads\/2026\/03\/IMG-20260304-WA0013-scaled.jpg\" \/>\n\t<meta property=\"og:image:width\" content=\"1920\" \/>\n\t<meta property=\"og:image:height\" content=\"2560\" \/>\n\t<meta property=\"og:image:type\" content=\"image\/jpeg\" \/>\n<meta name=\"twitter:card\" content=\"summary_large_image\" \/>\n<meta name=\"twitter:label1\" content=\"Gesch\u00e4tzte Lesezeit\" \/>\n\t<meta name=\"twitter:data1\" content=\"1\u00a0Minute\" \/>\n<script type=\"application\/ld+json\" class=\"yoast-schema-graph\">{\"@context\":\"https:\\\/\\\/schema.org\",\"@graph\":[{\"@type\":\"WebPage\",\"@id\":\"https:\\\/\\\/feuerwehr-bad-zwischenahn.de\\\/Feuerwehr\\\/einsatzberichte\\\/hilfeleistung-klein-rettungsdienst-vor-ort-co-warner-ausgeloest\\\/\",\"url\":\"https:\\\/\\\/feuerwehr-bad-zwischenahn.de\\\/Feuerwehr\\\/einsatzberichte\\\/hilfeleistung-klein-rettungsdienst-vor-ort-co-warner-ausgeloest\\\/\",\"name\":\"Hilfeleistung klein - ,,Rettungsdienst vor Ort, CO-Warner ausgel\u00f6st'' - Feuerwehr Bad Zwischenahn\",\"isPartOf\":{\"@id\":\"https:\\\/\\\/feuerwehr-bad-zwischenahn.de\\\/Feuerwehr\\\/#website\"},\"primaryImageOfPage\":{\"@id\":\"https:\\\/\\\/feuerwehr-bad-zwischenahn.de\\\/Feuerwehr\\\/einsatzberichte\\\/hilfeleistung-klein-rettungsdienst-vor-ort-co-warner-ausgeloest\\\/#primaryimage\"},\"image\":{\"@id\":\"https:\\\/\\\/feuerwehr-bad-zwischenahn.de\\\/Feuerwehr\\\/einsatzberichte\\\/hilfeleistung-klein-rettungsdienst-vor-ort-co-warner-ausgeloest\\\/#primaryimage\"},\"thumbnailUrl\":\"https:\\\/\\\/feuerwehr-bad-zwischenahn.de\\\/Feuerwehr\\\/wp-content\\\/uploads\\\/2026\\\/03\\\/IMG-20260304-WA0013-scaled.jpg\",\"datePublished\":\"2026-03-03T23:27:00+00:00\",\"dateModified\":\"2026-03-04T15:11:06+00:00\",\"breadcrumb\":{\"@id\":\"https:\\\/\\\/feuerwehr-bad-zwischenahn.de\\\/Feuerwehr\\\/einsatzberichte\\\/hilfeleistung-klein-rettungsdienst-vor-ort-co-warner-ausgeloest\\\/#breadcrumb\"},\"inLanguage\":\"de\",\"potentialAction\":[{\"@type\":\"ReadAction\",\"target\":[\"https:\\\/\\\/feuerwehr-bad-zwischenahn.de\\\/Feuerwehr\\\/einsatzberichte\\\/hilfeleistung-klein-rettungsdienst-vor-ort-co-warner-ausgeloest\\\/\"]}]},{\"@type\":\"ImageObject\",\"inLanguage\":\"de\",\"@id\":\"https:\\\/\\\/feuerwehr-bad-zwischenahn.de\\\/Feuerwehr\\\/einsatzberichte\\\/hilfeleistung-klein-rettungsdienst-vor-ort-co-warner-ausgeloest\\\/#primaryimage\",\"url\":\"https:\\\/\\\/feuerwehr-bad-zwischenahn.de\\\/Feuerwehr\\\/wp-content\\\/uploads\\\/2026\\\/03\\\/IMG-20260304-WA0013-scaled.jpg\",\"contentUrl\":\"https:\\\/\\\/feuerwehr-bad-zwischenahn.de\\\/Feuerwehr\\\/wp-content\\\/uploads\\\/2026\\\/03\\\/IMG-20260304-WA0013-scaled.jpg\",\"width\":1920,\"height\":2560},{\"@type\":\"BreadcrumbList\",\"@id\":\"https:\\\/\\\/feuerwehr-bad-zwischenahn.de\\\/Feuerwehr\\\/einsatzberichte\\\/hilfeleistung-klein-rettungsdienst-vor-ort-co-warner-ausgeloest\\\/#breadcrumb\",\"itemListElement\":[{\"@type\":\"ListItem\",\"position\":1,\"name\":\"Startseite\",\"item\":\"https:\\\/\\\/feuerwehr-bad-zwischenahn.de\\\/Feuerwehr\\\/\"},{\"@type\":\"ListItem\",\"position\":2,\"name\":\"Einsatzberichte\",\"item\":\"https:\\\/\\\/feuerwehr-bad-zwischenahn.de\\\/Feuerwehr\\\/einsatzberichte\\\/\"},{\"@type\":\"ListItem\",\"position\":3,\"name\":\"Hilfeleistung klein &#8211; ,,Rettungsdienst vor Ort, CO-Warner ausgel\u00f6st&#8220;\"}]},{\"@type\":\"WebSite\",\"@id\":\"https:\\\/\\\/feuerwehr-bad-zwischenahn.de\\\/Feuerwehr\\\/#website\",\"url\":\"https:\\\/\\\/feuerwehr-bad-zwischenahn.de\\\/Feuerwehr\\\/\",\"name\":\"Feuerwehr Bad Zwischenahn\",\"description\":\"\",\"potentialAction\":[{\"@type\":\"SearchAction\",\"target\":{\"@type\":\"EntryPoint\",\"urlTemplate\":\"https:\\\/\\\/feuerwehr-bad-zwischenahn.de\\\/Feuerwehr\\\/?s={search_term_string}\"},\"query-input\":{\"@type\":\"PropertyValueSpecification\",\"valueRequired\":true,\"valueName\":\"search_term_string\"}}],\"inLanguage\":\"de\"}]}<\/script>\n<!-- \/ Yoast SEO plugin. -->","yoast_head_json":{"title":"Hilfeleistung klein - ,,Rettungsdienst vor Ort, CO-Warner ausgel\u00f6st'' - Feuerwehr Bad Zwischenahn","robots":{"index":"index","follow":"follow","max-snippet":"max-snippet:-1","max-image-preview":"max-image-preview:large","max-video-preview":"max-video-preview:-1"},"canonical":"https:\/\/feuerwehr-bad-zwischenahn.de\/Feuerwehr\/einsatzberichte\/hilfeleistung-klein-rettungsdienst-vor-ort-co-warner-ausgeloest\/","og_locale":"de_DE","og_type":"article","og_title":"Hilfeleistung klein - ,,Rettungsdienst vor Ort, CO-Warner ausgel\u00f6st'' - Feuerwehr Bad Zwischenahn","og_description":"Vergangene Nacht wurden wir mit dem Stichwort ,,CO-Warner ausgel\u00f6st&#8220; vom Rettungsdienst Ammerland nachalarmiert. Dieser war bereits im Einsatz, um sich einem medizinischen Notfall in einem Einfamilienhaus anzunehmen. Als die Besatzung des RTW das Haus betreten hat, schlugen allerdings die CO-Warner an, sodass wir auf den Plan gerufen wurden. (CO = Kohlenmonoxid) Umgehend wurde 1 Trupp [&hellip;]","og_url":"https:\/\/feuerwehr-bad-zwischenahn.de\/Feuerwehr\/einsatzberichte\/hilfeleistung-klein-rettungsdienst-vor-ort-co-warner-ausgeloest\/","og_site_name":"Feuerwehr Bad Zwischenahn","article_modified_time":"2026-03-04T15:11:06+00:00","og_image":[{"width":1920,"height":2560,"url":"https:\/\/feuerwehr-bad-zwischenahn.de\/Feuerwehr\/wp-content\/uploads\/2026\/03\/IMG-20260304-WA0013-scaled.jpg","type":"image\/jpeg"}],"twitter_card":"summary_large_image","twitter_misc":{"Gesch\u00e4tzte Lesezeit":"1\u00a0Minute"},"schema":{"@context":"https:\/\/schema.org","@graph":[{"@type":"WebPage","@id":"https:\/\/feuerwehr-bad-zwischenahn.de\/Feuerwehr\/einsatzberichte\/hilfeleistung-klein-rettungsdienst-vor-ort-co-warner-ausgeloest\/","url":"https:\/\/feuerwehr-bad-zwischenahn.de\/Feuerwehr\/einsatzberichte\/hilfeleistung-klein-rettungsdienst-vor-ort-co-warner-ausgeloest\/","name":"Hilfeleistung klein - ,,Rettungsdienst vor Ort, CO-Warner ausgel\u00f6st'' - Feuerwehr Bad Zwischenahn","isPartOf":{"@id":"https:\/\/feuerwehr-bad-zwischenahn.de\/Feuerwehr\/#website"},"primaryImageOfPage":{"@id":"https:\/\/feuerwehr-bad-zwischenahn.de\/Feuerwehr\/einsatzberichte\/hilfeleistung-klein-rettungsdienst-vor-ort-co-warner-ausgeloest\/#primaryimage"},"image":{"@id":"https:\/\/feuerwehr-bad-zwischenahn.de\/Feuerwehr\/einsatzberichte\/hilfeleistung-klein-rettungsdienst-vor-ort-co-warner-ausgeloest\/#primaryimage"},"thumbnailUrl":"https:\/\/feuerwehr-bad-zwischenahn.de\/Feuerwehr\/wp-content\/uploads\/2026\/03\/IMG-20260304-WA0013-scaled.jpg","datePublished":"2026-03-03T23:27:00+00:00","dateModified":"2026-03-04T15:11:06+00:00","breadcrumb":{"@id":"https:\/\/feuerwehr-bad-zwischenahn.de\/Feuerwehr\/einsatzberichte\/hilfeleistung-klein-rettungsdienst-vor-ort-co-warner-ausgeloest\/#breadcrumb"},"inLanguage":"de","potentialAction":[{"@type":"ReadAction","target":["https:\/\/feuerwehr-bad-zwischenahn.de\/Feuerwehr\/einsatzberichte\/hilfeleistung-klein-rettungsdienst-vor-ort-co-warner-ausgeloest\/"]}]},{"@type":"ImageObject","inLanguage":"de","@id":"https:\/\/feuerwehr-bad-zwischenahn.de\/Feuerwehr\/einsatzberichte\/hilfeleistung-klein-rettungsdienst-vor-ort-co-warner-ausgeloest\/#primaryimage","url":"https:\/\/feuerwehr-bad-zwischenahn.de\/Feuerwehr\/wp-content\/uploads\/2026\/03\/IMG-20260304-WA0013-scaled.jpg","contentUrl":"https:\/\/feuerwehr-bad-zwischenahn.de\/Feuerwehr\/wp-content\/uploads\/2026\/03\/IMG-20260304-WA0013-scaled.jpg","width":1920,"height":2560},{"@type":"BreadcrumbList","@id":"https:\/\/feuerwehr-bad-zwischenahn.de\/Feuerwehr\/einsatzberichte\/hilfeleistung-klein-rettungsdienst-vor-ort-co-warner-ausgeloest\/#breadcrumb","itemListElement":[{"@type":"ListItem","position":1,"name":"Startseite","item":"https:\/\/feuerwehr-bad-zwischenahn.de\/Feuerwehr\/"},{"@type":"ListItem","position":2,"name":"Einsatzberichte","item":"https:\/\/feuerwehr-bad-zwischenahn.de\/Feuerwehr\/einsatzberichte\/"},{"@type":"ListItem","position":3,"name":"Hilfeleistung klein &#8211; ,,Rettungsdienst vor Ort, CO-Warner ausgel\u00f6st&#8220;"}]},{"@type":"WebSite","@id":"https:\/\/feuerwehr-bad-zwischenahn.de\/Feuerwehr\/#website","url":"https:\/\/feuerwehr-bad-zwischenahn.de\/Feuerwehr\/","name":"Feuerwehr Bad Zwischenahn","description":"","potentialAction":[{"@type":"SearchAction","target":{"@type":"EntryPoint","urlTemplate":"https:\/\/feuerwehr-bad-zwischenahn.de\/Feuerwehr\/?s={search_term_string}"},"query-input":{"@type":"PropertyValueSpecification","valueRequired":true,"valueName":"search_term_string"}}],"inLanguage":"de"}]}},"_links":{"self":[{"href":"https:\/\/feuerwehr-bad-zwischenahn.de\/Feuerwehr\/wp-json\/wp\/v2\/einsatz\/3161","targetHints":{"allow":["GET"]}}],"collection":[{"href":"https:\/\/feuerwehr-bad-zwischenahn.de\/Feuerwehr\/wp-json\/wp\/v2\/einsatz"}],"about":[{"href":"https:\/\/feuerwehr-bad-zwischenahn.de\/Feuerwehr\/wp-json\/wp\/v2\/types\/einsatz"}],"author":[{"embeddable":true,"href":"https:\/\/feuerwehr-bad-zwischenahn.de\/Feuerwehr\/wp-json\/wp\/v2\/users\/4"}],"version-history":[{"count":2,"href":"https:\/\/feuerwehr-bad-zwischenahn.de\/Feuerwehr\/wp-json\/wp\/v2\/einsatz\/3161\/revisions"}],"predecessor-version":[{"id":3166,"href":"https:\/\/feuerwehr-bad-zwischenahn.de\/Feuerwehr\/wp-json\/wp\/v2\/einsatz\/3161\/revisions\/3166"}],"wp:featuredmedia":[{"embeddable":true,"href":"https:\/\/feuerwehr-bad-zwischenahn.de\/Feuerwehr\/wp-json\/wp\/v2\/media\/3167"}],"wp:attachment":[{"href":"https:\/\/feuerwehr-bad-zwischenahn.de\/Feuerwehr\/wp-json\/wp\/v2\/media?parent=3161"}],"wp:term":[{"taxonomy":"category","embeddable":true,"href":"https:\/\/feuerwehr-bad-zwischenahn.de\/Feuerwehr\/wp-json\/wp\/v2\/categories?post=3161"},{"taxonomy":"einsatzart","embeddable":true,"href":"https:\/\/feuerwehr-bad-zwischenahn.de\/Feuerwehr\/wp-json\/wp\/v2\/einsatzart?post=3161"},{"taxonomy":"fahrzeug","embeddable":true,"href":"https:\/\/feuerwehr-bad-zwischenahn.de\/Feuerwehr\/wp-json\/wp\/v2\/fahrzeug?post=3161"},{"taxonomy":"exteinsatzmittel","embeddable":true,"href":"https:\/\/feuerwehr-bad-zwischenahn.de\/Feuerwehr\/wp-json\/wp\/v2\/exteinsatzmittel?post=3161"},{"taxonomy":"alarmierungsart","embeddable":true,"href":"https:\/\/feuerwehr-bad-zwischenahn.de\/Feuerwehr\/wp-json\/wp\/v2\/alarmierungsart?post=3161"},{"taxonomy":"evw_unit","embeddable":true,"href":"https:\/\/feuerwehr-bad-zwischenahn.de\/Feuerwehr\/wp-json\/wp\/v2\/evw_unit?post=3161"}],"curies":[{"name":"wp","href":"https:\/\/api.w.org\/{rel}","templated":true}]}}